{"id":466,"date":"2022-04-07T08:07:26","date_gmt":"2022-04-07T06:07:26","guid":{"rendered":"https:\/\/utenosvic.lt\/?post_type=events&#038;p=466"},"modified":"2022-04-07T08:07:27","modified_gmt":"2022-04-07T06:07:27","slug":"siu-metu-prognozes-verslui-issukiai-lukesciai-ir-sprendimo-budai","status":"publish","type":"events","link":"https:\/\/utenosvic.lt\/en\/events\/siu-metu-prognozes-verslui-issukiai-lukesciai-ir-sprendimo-budai\/","title":{"rendered":"\u0160i\u0173 met\u0173 prognoz\u0117s verslui: i\u0161\u0161\u016bkiai, l\u016bkes\u010diai ir sprendimo b\u016bdai"},"content":{"rendered":"\n<p>&nbsp;Baland\u017eio 21 d. 15 val. Utenos bendradarbyst\u0117s centras \u201eSpie\u010dius\u201c organizuoja gyv\u0105 rengin\u012f, kuriame Lietuvos darbdavi\u0173 konfederacijos prezidentas Danas Arlauskas ir Lietuvos banko makroekonomikos ir prognozavimo skyriaus vyriausiasis ekonomistas Vaidotas Tuzikas ap\u017evelgs, kokios naujienos ir priemon\u0117s laukia versl\u0173 2022 metais.Renginio temos:<br><img loading=\"lazy\" decoding=\"async\" height=\"16\" width=\"16\" alt=\"\u2714\ufe0f\" src=\"https:\/\/static.xx.fbcdn.net\/images\/emoji.php\/v9\/t51\/1\/16\/2714.png\">ES energetikos strategijos<br><img loading=\"lazy\" decoding=\"async\" height=\"16\" width=\"16\" alt=\"\u2714\ufe0f\" src=\"https:\/\/static.xx.fbcdn.net\/images\/emoji.php\/v9\/t51\/1\/16\/2714.png\">valstybin\u0117s eksporto kredito garantijos<br><img loading=\"lazy\" decoding=\"async\" height=\"16\" width=\"16\" alt=\"\u2714\ufe0f\" src=\"https:\/\/static.xx.fbcdn.net\/images\/emoji.php\/v9\/t51\/1\/16\/2714.png\">sankcij\u0173 poveikis bankuose<br><img loading=\"lazy\" decoding=\"async\" height=\"16\" width=\"16\" alt=\"\u2714\ufe0f\" src=\"https:\/\/static.xx.fbcdn.net\/images\/emoji.php\/v9\/t51\/1\/16\/2714.png\">remiamos \u012fdarbinimo priemon\u0117s Ukrainos pilie\u010diams.<img loading=\"lazy\" decoding=\"async\" height=\"16\" width=\"16\" alt=\"?\" src=\"https:\/\/static.xx.fbcdn.net\/images\/emoji.php\/v9\/t1f\/1\/16\/1f41d.png\">Renginio vieta: Utenos bendradarbyst\u0117s centras \u201eSpie\u010dius\u201c, Au\u0161ros gatv\u0117 47!<img loading=\"lazy\" decoding=\"async\" height=\"16\" width=\"16\" alt=\"\u2757\ufe0f\" src=\"https:\/\/static.xx.fbcdn.net\/images\/emoji.php\/v9\/t50\/1\/16\/2757.png\">Privaloma i\u0161ankstin\u0117 registracija&nbsp;<a href=\"https:\/\/bit.ly\/3NNo5qO?fbclid=IwAR2p26Yw6Dhw5Gq7y4c6KHWNGQXPXRlre6oRSpPt8WA0LPuuTK-GxJ6h7b4\" rel=\"noreferrer noopener\" target=\"_blank\">https:\/\/bit.ly\/3NNo5qO<\/a><\/p>\n","protected":false},"template":"","class_list":["post-466","events","type-events","status-publish","hentry"],"acf":[],"_links":{"self":[{"href":"https:\/\/utenosvic.lt\/en\/wp-json\/wp\/v2\/events\/466","targetHints":{"allow":["GET"]}}],"collection":[{"href":"https:\/\/utenosvic.lt\/en\/wp-json\/wp\/v2\/events"}],"about":[{"href":"https:\/\/utenosvic.lt\/en\/wp-json\/wp\/v2\/types\/events"}],"wp:attachment":[{"href":"https:\/\/utenosvic.lt\/en\/wp-json\/wp\/v2\/media?parent=466"}],"curies":[{"name":"wp","href":"https:\/\/api.w.org\/{rel}","templated":true}]}}