{"id":510,"date":"2022-05-09T10:56:53","date_gmt":"2022-05-09T08:56:53","guid":{"rendered":"https:\/\/utenosvic.lt\/?post_type=events&#038;p=510"},"modified":"2022-05-09T12:19:30","modified_gmt":"2022-05-09T10:19:30","slug":"verslo-akseleravimo-programa-ivadine-sesija","status":"publish","type":"events","link":"https:\/\/utenosvic.lt\/en\/events\/verslo-akseleravimo-programa-ivadine-sesija\/","title":{"rendered":"Verslo akseleravimo programa. \u012evadin\u0117 sesija."},"content":{"rendered":"\n<p>Utenos \u201eSpie\u010dius\u201c organizuoja verslo akseleravimo program\u0105! Akseleravimo programa tai:<img loading=\"lazy\" decoding=\"async\" height=\"16\" width=\"16\" src=\"https:\/\/static.xx.fbcdn.net\/images\/emoji.php\/v9\/tf3\/1\/16\/1f539.png\" alt=\"?\"> intensyvi ir \u012ftraukianti mokym\u0173 programa<img loading=\"lazy\" decoding=\"async\" height=\"16\" width=\"16\" src=\"https:\/\/static.xx.fbcdn.net\/images\/emoji.php\/v9\/tf3\/1\/16\/1f539.png\" alt=\"?\"> 6 mokym\u0173 temos, skirtos verslo augimui<img loading=\"lazy\" decoding=\"async\" height=\"16\" width=\"16\" src=\"https:\/\/static.xx.fbcdn.net\/images\/emoji.php\/v9\/tf3\/1\/16\/1f539.png\" alt=\"?\"> 5 valandos individuali\u0173 konsultacij\u0173 su ekspertais<img loading=\"lazy\" decoding=\"async\" height=\"16\" width=\"16\" src=\"https:\/\/static.xx.fbcdn.net\/images\/emoji.php\/v9\/tf3\/1\/16\/1f539.png\" alt=\"?\"> special\u016bs kontaktiniai renginiai ir naujos partneryst\u0117s<img loading=\"lazy\" decoding=\"async\" height=\"16\" width=\"16\" src=\"https:\/\/static.xx.fbcdn.net\/images\/emoji.php\/v9\/tf3\/1\/16\/1f539.png\" alt=\"?\"> visapusi\u0161kas verslo kompetencij\u0173 stiprinimas<img loading=\"lazy\" decoding=\"async\" height=\"16\" width=\"16\" src=\"https:\/\/static.xx.fbcdn.net\/images\/emoji.php\/v9\/tf3\/1\/16\/1f539.png\" alt=\"?\"> praktiniai pavyzd\u017eiai ir praktin\u0117s u\u017eduotys<img loading=\"lazy\" decoding=\"async\" height=\"16\" width=\"16\" src=\"https:\/\/static.xx.fbcdn.net\/images\/emoji.php\/v9\/t8e\/1\/16\/2139.png\" alt=\"\u2139\ufe0f\"> Daugiau informacijos \u010dia: <a rel=\"noreferrer noopener\" href=\"https:\/\/spiecius.verslilietuva.lt\/paslaugos\/?fbclid=IwAR2Qoxl8g_nhgxk0YEXDI6wazZVyYKgVdoSubX4q-8cIblJNVhUHiXn_-8E#akseleravimo-programa\" target=\"_blank\">https:\/\/spiecius.verslilietuva.lt\/paslaugos\/&#8230;<\/a><img loading=\"lazy\" decoding=\"async\" height=\"16\" width=\"16\" src=\"https:\/\/static.xx.fbcdn.net\/images\/emoji.php\/v9\/tfd\/1\/16\/1f64c.png\" alt=\"?\"> Registracija: <a rel=\"noreferrer noopener\" href=\"https:\/\/bit.ly\/IAversloakseleratorius?fbclid=IwAR1iFT2rchbm0ghOBXIPYl6Ahdvi_ZfGrzDwu3ewezr8cvrtDYzWrjqFPpg\" target=\"_blank\">https:\/\/bit.ly\/IAversloakseleratorius<\/a><\/p>\n\n\n\n<p><\/p>\n","protected":false},"template":"","class_list":["post-510","events","type-events","status-publish","hentry"],"acf":[],"_links":{"self":[{"href":"https:\/\/utenosvic.lt\/en\/wp-json\/wp\/v2\/events\/510","targetHints":{"allow":["GET"]}}],"collection":[{"href":"https:\/\/utenosvic.lt\/en\/wp-json\/wp\/v2\/events"}],"about":[{"href":"https:\/\/utenosvic.lt\/en\/wp-json\/wp\/v2\/types\/events"}],"wp:attachment":[{"href":"https:\/\/utenosvic.lt\/en\/wp-json\/wp\/v2\/media?parent=510"}],"curies":[{"name":"wp","href":"https:\/\/api.w.org\/{rel}","templated":true}]}}