{"id":637,"date":"2022-12-06T15:25:47","date_gmt":"2022-12-06T13:25:47","guid":{"rendered":"https:\/\/utenosvic.lt\/?post_type=events&#038;p=637"},"modified":"2022-12-06T15:25:48","modified_gmt":"2022-12-06T13:25:48","slug":"spiecius-utenos-bendruomenes-dalis","status":"publish","type":"events","link":"https:\/\/utenosvic.lt\/en\/events\/spiecius-utenos-bendruomenes-dalis\/","title":{"rendered":"\u201eSpie\u010dius\u201c \u2013 Utenos bendruomen\u0117s dalis"},"content":{"rendered":"\n<p><img loading=\"lazy\" decoding=\"async\" height=\"16\" width=\"16\" src=\"https:\/\/static.xx.fbcdn.net\/images\/emoji.php\/v9\/t51\/1\/16\/1f449.png\" alt=\"\ud83d\udc49\">\u00a0Turite verslo id\u0117j\u0105? Norite prad\u0117ti savo versl\u0105 Utenoje? O gal jau esate verslininkas?<img loading=\"lazy\" decoding=\"async\" height=\"16\" width=\"16\" src=\"https:\/\/static.xx.fbcdn.net\/images\/emoji.php\/v9\/t1f\/1\/16\/1f41d.png\" alt=\"\ud83d\udc1d\">\u00a0Tuomet Utenos \u201eSpie\u010dius\u201c gruod\u017eio 20 d. kvie\u010dia \u012f atvir\u0173 dur\u0173 dienos rengin\u012f! Atvyk\u0119 susipa\u017einsite su Utenoje veikian\u010dio bendradarbyst\u0117s centro \u201eSpie\u010dius\u201c veiklomis ir su\u017einosite, kod\u0117l \u201eSpie\u010diuje\u201c verslas auga grei\u010diau! Aplankyti \u201eSpie\u010di\u0173\u201c galite 9-16 val. (<img loading=\"lazy\" decoding=\"async\" height=\"16\" width=\"16\" src=\"https:\/\/static.xx.fbcdn.net\/images\/emoji.php\/v9\/t98\/1\/16\/1f37d.png\" alt=\"\ud83c\udf7d\ufe0f\">\u00a0piet\u0173 pertrauka 12:00 &#8211; 12:45)<img loading=\"lazy\" decoding=\"async\" height=\"16\" width=\"16\" src=\"https:\/\/static.xx.fbcdn.net\/images\/emoji.php\/v9\/te0\/1\/16\/1f3d9.png\" alt=\"\ud83c\udfd9\">\u00a0Renginio vieta: Utenos bendradarbyst\u0117s centras \u201eSpie\u010dius\u201c, Au\u0161ros gatv\u0117 47.<img loading=\"lazy\" decoding=\"async\" height=\"16\" width=\"16\" src=\"https:\/\/static.xx.fbcdn.net\/images\/emoji.php\/v9\/t50\/1\/16\/2757.png\" alt=\"\u2757\ufe0f\">\u00a0I\u0161ankstin\u0117 registracija:\u00a0<a rel=\"noreferrer noopener\" href=\"https:\/\/inx.lv\/fZxT?fbclid=IwAR01eekBQgACEYd6rTn0uKeIkJCUr7lA4jhBg4JBhGpGunaS0qVexnMUsus\" target=\"_blank\">https:\/\/inx.lv\/fZxT<\/a><\/p>\n","protected":false},"template":"","class_list":["post-637","events","type-events","status-publish","hentry"],"acf":[],"_links":{"self":[{"href":"https:\/\/utenosvic.lt\/en\/wp-json\/wp\/v2\/events\/637","targetHints":{"allow":["GET"]}}],"collection":[{"href":"https:\/\/utenosvic.lt\/en\/wp-json\/wp\/v2\/events"}],"about":[{"href":"https:\/\/utenosvic.lt\/en\/wp-json\/wp\/v2\/types\/events"}],"wp:attachment":[{"href":"https:\/\/utenosvic.lt\/en\/wp-json\/wp\/v2\/media?parent=637"}],"curies":[{"name":"wp","href":"https:\/\/api.w.org\/{rel}","templated":true}]}}