{"id":994,"date":"2024-02-20T14:37:57","date_gmt":"2024-02-20T12:37:57","guid":{"rendered":"https:\/\/utenosvic.lt\/?post_type=events&#038;p=994"},"modified":"2024-02-20T14:39:33","modified_gmt":"2024-02-20T12:39:33","slug":"dirbtinis-intelektas-jusu-asmeninis-asistentas","status":"publish","type":"events","link":"https:\/\/utenosvic.lt\/en\/events\/dirbtinis-intelektas-jusu-asmeninis-asistentas\/","title":{"rendered":"Dirbtinis intelektas &#8211; j\u016bs\u0173 asmeninis asistentas!"},"content":{"rendered":"\n<p>Mokym\u0173 metu dalyviai:<img loading=\"lazy\" decoding=\"async\" height=\"16\" width=\"16\" src=\"https:\/\/static.xx.fbcdn.net\/images\/emoji.php\/v9\/t40\/1\/16\/25b6.png\" alt=\"\u25b6\ufe0f\">&nbsp;tur\u0117s galimyb\u0119 susipa\u017einti su dirbtinio intelekto taikymu skaitmeniniuose \u012frankiuose;<br><img loading=\"lazy\" decoding=\"async\" height=\"16\" width=\"16\" src=\"https:\/\/static.xx.fbcdn.net\/images\/emoji.php\/v9\/t40\/1\/16\/25b6.png\" alt=\"\u25b6\ufe0f\">&nbsp;prakti\u0161kai i\u0161naudos dirbtin\u012f intelekt\u0105 kalbiniais modeliais paremtus \u012frankius ChatGPT ir Google Gemini;<br><img loading=\"lazy\" decoding=\"async\" height=\"16\" width=\"16\" src=\"https:\/\/static.xx.fbcdn.net\/images\/emoji.php\/v9\/t40\/1\/16\/25b6.png\" alt=\"\u25b6\ufe0f\">&nbsp;i\u0161bandys dirbtinio intelekto vaizd\u0173 k\u016brimo ir apdorojimo \u012frankius.<img loading=\"lazy\" decoding=\"async\" height=\"16\" width=\"16\" src=\"https:\/\/static.xx.fbcdn.net\/images\/emoji.php\/v9\/t51\/1\/16\/1f449.png\" alt=\"\ud83d\udc49\">&nbsp;Mokym\u0173 lektorius Laimonas Ragauskas daugiau nei 20 met\u0173 moko neformaliojo ugdymo, edukacini\u0173 technologij\u0173 ir skaitmenini\u0173 poky\u010di\u0173 temomis .Jis aktyviai bendradarbiauja su \u012fvairiomis Europos institucijomis ir organizacijomis, siekdamas ugdyti geb\u0117jimus, reikalingus XXI am\u017eiuje. Laimonas k\u016br\u0117 ir \u012fgyvendino \u0161vietimo programas bei mokymus, ypa\u010d susijusius su skaitmenine transformacija, pasiekim\u0173 pripa\u017einimu, projekt\u0173 valdymu, strateginiu planavimu ir su\u017eaidybinimu. Registracija \u012f rengin\u012f&nbsp;<img loading=\"lazy\" decoding=\"async\" height=\"16\" width=\"16\" src=\"https:\/\/static.xx.fbcdn.net\/images\/emoji.php\/v9\/t51\/1\/16\/1f449.png\" alt=\"\ud83d\udc49\"><a rel=\"noreferrer noopener\" href=\"https:\/\/shorturl.at\/blIV3?fbclid=IwAR0VtIH_rchvp8EswuK5heUaCMw4Oe4ZsJoV9oak6Y7vcQ1bB7wy9msGqBM\" target=\"_blank\">https:\/\/shorturl.at\/blIV3<\/a>. Registruodamiesi \u012f rengin\u012f galite pateikti klausimus lektoriui!&nbsp;<img loading=\"lazy\" decoding=\"async\" height=\"16\" width=\"16\" src=\"https:\/\/static.xx.fbcdn.net\/images\/emoji.php\/v9\/tba\/1\/16\/1f4e3.png\" alt=\"\ud83d\udce3\">Renginys organizuojamas bendradarbiaujant su Europe Direct Utena.&nbsp;<\/p>\n","protected":false},"template":"","class_list":["post-994","events","type-events","status-publish","hentry"],"acf":[],"_links":{"self":[{"href":"https:\/\/utenosvic.lt\/en\/wp-json\/wp\/v2\/events\/994","targetHints":{"allow":["GET"]}}],"collection":[{"href":"https:\/\/utenosvic.lt\/en\/wp-json\/wp\/v2\/events"}],"about":[{"href":"https:\/\/utenosvic.lt\/en\/wp-json\/wp\/v2\/types\/events"}],"wp:attachment":[{"href":"https:\/\/utenosvic.lt\/en\/wp-json\/wp\/v2\/media?parent=994"}],"curies":[{"name":"wp","href":"https:\/\/api.w.org\/{rel}","templated":true}]}}